{"id":94,"date":"2024-04-16T15:45:43","date_gmt":"2024-04-16T15:45:43","guid":{"rendered":"https:\/\/percorsipinerolo.it\/youthplus\/?page_id=94"},"modified":"2024-05-13T10:57:31","modified_gmt":"2024-05-13T10:57:31","slug":"i-volti-della-resistenza","status":"publish","type":"page","link":"https:\/\/percorsipinerolo.it\/youthplus\/index.php\/i-volti-della-resistenza\/","title":{"rendered":"Volti della Resistenza"},"content":{"rendered":"\n<figure class=\"wp-block-image aligncenter is-resized wp-duotone-unset-1\"><img loading=\"lazy\" decoding=\"async\" width=\"2000\" height=\"1414\" src=\"https:\/\/percorsipinerolo.it\/youthplus\/wp-content\/uploads\/2024\/04\/Volti-della-resistenza-1.png\" alt=\"\" class=\"wp-image-432\" style=\"width:1296px;height:auto\" srcset=\"https:\/\/percorsipinerolo.it\/youthplus\/wp-content\/uploads\/2024\/04\/Volti-della-resistenza-1.png 2000w, https:\/\/percorsipinerolo.it\/youthplus\/wp-content\/uploads\/2024\/04\/Volti-della-resistenza-1-300x212.png 300w, https:\/\/percorsipinerolo.it\/youthplus\/wp-content\/uploads\/2024\/04\/Volti-della-resistenza-1-1024x724.png 1024w, https:\/\/percorsipinerolo.it\/youthplus\/wp-content\/uploads\/2024\/04\/Volti-della-resistenza-1-768x543.png 768w, https:\/\/percorsipinerolo.it\/youthplus\/wp-content\/uploads\/2024\/04\/Volti-della-resistenza-1-1536x1086.png 1536w\" sizes=\"auto, (max-width: 2000px) 100vw, 2000px\" \/><\/figure>\n\n\n\n<p class=\"has-text-align-center\"><em><strong>\u201cSe voi volete andare in pellegrinaggio nel luogo dove \u00e8 nata la nostra Costituzione, andate nelle montagne dove caddero i partigiani, nelle carceri dove furono imprigionati, nei campi dove furono impiccati. Dovunque \u00e8 morto un italiano per riscattare la libert\u00e0 e la dignit\u00e0, andate l\u00ec, o giovani,&nbsp; col pensiero perch\u00e9 l\u00ec \u00e8 nata la nostra Costituzione.\u201d<\/strong><\/em><br>Piero Calamandrei, <em>Discorso agli studenti<\/em>, Milano,1955<\/p>\n\n\n\n<div class=\"wp-block-group has-global-padding is-layout-constrained wp-block-group-is-layout-constrained\">\n<p class=\"has-text-align-center\">Il passato \u00e8 il presente della memoria e ci permette di costruire l\u2019orizzonte di senso in cui orientarci. <br>Alcune storie, in modo pubblico o privato, ci hanno attraversato come una luce di un corpo che non esiste pi\u00f9. Pensiamo al fenomeno astrofisico della luce delle stelle: la luce che osserviamo con emozione nei nostri cieli non \u00e8 emanata da una stella effettivamente esistente nello spazio celeste, ma arriva a noi dopo molti anni da una stella gi\u00e0 morta, scomparsa nel buio dell\u2019universo.<br> Quello che \u00e8 passato non \u00e8 pi\u00f9 tra noi ma risplende nella sua assenza.<\/p>\n\n\n\n<p class=\"has-text-align-center\">Abbiamo cercato di cogliere alcuni fasci di luce,&nbsp; alcuni volti che hanno incrociato la nostra strada, soprattutto le storie di alcuni momenti di esistenza ascoltati attraverso le testimonianze dirette o attraverso la lettura di documenti.<\/p>\n\n\n\n<p class=\"has-text-align-center\">Non \u00e8 stato semplice scegliere alcuni volti, ma abbiamo deciso di privilegiare le persone vissute nel nostro territorio e la possibilit\u00e0 di accesso alle fonti dirette. <br>Il lavoro \u00e8 in continuo divenire perch\u00e9 siamo consapevoli delle numerose mancanze ma siamo anche felici di avere iniziato un percorso che per noi \u00e8 stato un laboratorio di concetti e di affetti, un incontro con un passato che vorremmo far rivivere nel nostro presente.<\/p>\n<\/div>\n\n\n\n<details class=\"wp-block-details is-layout-flow wp-block-details-is-layout-flow\"><summary>ETTORE SERAFINO<\/summary>\n<p>Laureato in Giurisprudenza all&#8217;Universit\u00e0 di Torino, fu arruolato nel 1939 e divenne sottotenente di complemento nel III reggimento Alpini. Combatt\u00e9 nelle Alpi Occidentali, sul fronte greco-albanese e partecip\u00f2 all&#8217;occupazione della Jugoslavia. Dopo l&#8217;armistizio dell&#8217;8 settembre 1943, si un\u00ec ai partigiani in Val Pellice e successivamente in Val Chisone con gli autonomi di Maggiorino Marcellin. Dopo la guerra, ricevette la Medaglia d&#8217;Argento al Valor Militare.<\/p>\n\n\n\n<p><a href=\"https:\/\/percorsipinerolo.it\/youthplus\/index.php\/it01a-ettore-serafino\/\" data-type=\"link\" data-id=\"https:\/\/percorsipinerolo.it\/youthplus\/index.php\/it01a-ettore-serafino\/\"><strong>ITINERARIO &#8220;<em>ETTORE SERAFINO<\/em> &#8220;<\/strong><\/a><\/p>\n\n\n\n<figure class=\"wp-block-image size-large\"><img loading=\"lazy\" decoding=\"async\" width=\"1024\" height=\"673\" src=\"https:\/\/percorsipinerolo.it\/youthplus\/wp-content\/uploads\/2024\/04\/e3-05-21-1024x673.jpg\" alt=\"\" class=\"wp-image-428\" srcset=\"https:\/\/percorsipinerolo.it\/youthplus\/wp-content\/uploads\/2024\/04\/e3-05-21-1024x673.jpg 1024w, https:\/\/percorsipinerolo.it\/youthplus\/wp-content\/uploads\/2024\/04\/e3-05-21-300x197.jpg 300w, https:\/\/percorsipinerolo.it\/youthplus\/wp-content\/uploads\/2024\/04\/e3-05-21-768x505.jpg 768w, https:\/\/percorsipinerolo.it\/youthplus\/wp-content\/uploads\/2024\/04\/e3-05-21-1536x1009.jpg 1536w, https:\/\/percorsipinerolo.it\/youthplus\/wp-content\/uploads\/2024\/04\/e3-05-21-2048x1346.jpg 2048w\" sizes=\"auto, (max-width: 1024px) 100vw, 1024px\" \/><\/figure>\n<\/details>\n\n\n\n<details class=\"wp-block-details is-layout-flow wp-block-details-is-layout-flow\"><summary>MARCELLA GAY<\/summary>\n<p>Una vita dedicata all&#8217;insegnamento, inizialmente nelle scuole superiori statali e successivamente come diacona della Chiesa valdese. Ha ricoperto incarichi significativi nella Chiesa: \u00e8 stata la prima donna eletta nella Tavola valdese e ha contribuito alla redazione del Testo comune per l&#8217;indirizzo pastorale dei matrimoni tra cattolici e valdesi. Durante la Resistenza, ha svolto il ruolo di staffetta nella val Pellice.<\/p>\n\n\n\n<p><strong><a href=\"https:\/\/percorsipinerolo.it\/youthplus\/index.php\/it01b-marcella-gay\/\" data-type=\"link\" data-id=\"https:\/\/percorsipinerolo.it\/youthplus\/index.php\/it01b-marcella-gay\/\">ITINERARIO &#8221; <em>MARCELLA GAY<\/em> &#8220;<\/a><\/strong><\/p>\n\n\n\n<figure class=\"wp-block-image size-large\"><img loading=\"lazy\" decoding=\"async\" width=\"1024\" height=\"673\" src=\"https:\/\/percorsipinerolo.it\/youthplus\/wp-content\/uploads\/2024\/04\/e3-08-22-1024x673.jpg\" alt=\"\" class=\"wp-image-429\" srcset=\"https:\/\/percorsipinerolo.it\/youthplus\/wp-content\/uploads\/2024\/04\/e3-08-22-1024x673.jpg 1024w, https:\/\/percorsipinerolo.it\/youthplus\/wp-content\/uploads\/2024\/04\/e3-08-22-300x197.jpg 300w, https:\/\/percorsipinerolo.it\/youthplus\/wp-content\/uploads\/2024\/04\/e3-08-22-768x505.jpg 768w, https:\/\/percorsipinerolo.it\/youthplus\/wp-content\/uploads\/2024\/04\/e3-08-22-1536x1009.jpg 1536w, https:\/\/percorsipinerolo.it\/youthplus\/wp-content\/uploads\/2024\/04\/e3-08-22-2048x1346.jpg 2048w\" sizes=\"auto, (max-width: 1024px) 100vw, 1024px\" \/><\/figure>\n<\/details>\n\n\n\n<details class=\"wp-block-details is-layout-flow wp-block-details-is-layout-flow\"><summary>VIOLA LAGEARD<\/summary>\n<p>Nata il 31 maggio 1926, ha svolto incarichi con il compito di mantenere la corrispondenza fra la Brigata Val Dora, il comando della Val Chisone e il comando militare regionale piemontese. Per i suoi spostamenti aveva un lasciapassare rilasciato dal cotonificio Vallesusa di Perosa Argentina. Durante il conflitto la Trattoria dei fiori dei suoi genitori \u00e8 stato un importante punto di riferimento per gli incontri tra partigiani e comandanti.<\/p>\n\n\n\n<p><strong><a href=\"https:\/\/percorsipinerolo.it\/youthplus\/index.php\/it01c-viola-lageard\/\" data-type=\"link\" data-id=\"https:\/\/percorsipinerolo.it\/youthplus\/index.php\/it01c-viola-lageard\/\">VOLTO &#8221; <em>VIOLA LAGEARD<\/em> &#8220;<\/a><\/strong><\/p>\n\n\n\n<figure class=\"wp-block-image size-large\"><img loading=\"lazy\" decoding=\"async\" width=\"1024\" height=\"673\" src=\"https:\/\/percorsipinerolo.it\/youthplus\/wp-content\/uploads\/2024\/04\/e3-08-63-1024x673.jpg\" alt=\"\" class=\"wp-image-430\" srcset=\"https:\/\/percorsipinerolo.it\/youthplus\/wp-content\/uploads\/2024\/04\/e3-08-63-1024x673.jpg 1024w, https:\/\/percorsipinerolo.it\/youthplus\/wp-content\/uploads\/2024\/04\/e3-08-63-300x197.jpg 300w, https:\/\/percorsipinerolo.it\/youthplus\/wp-content\/uploads\/2024\/04\/e3-08-63-768x505.jpg 768w, https:\/\/percorsipinerolo.it\/youthplus\/wp-content\/uploads\/2024\/04\/e3-08-63-1536x1009.jpg 1536w, https:\/\/percorsipinerolo.it\/youthplus\/wp-content\/uploads\/2024\/04\/e3-08-63-2048x1346.jpg 2048w\" sizes=\"auto, (max-width: 1024px) 100vw, 1024px\" \/><\/figure>\n<\/details>\n\n\n\n<details class=\"wp-block-details is-layout-flow wp-block-details-is-layout-flow\"><summary>PAOLO DIENA<\/summary>\n<p>Studente di medicina del IV anno, divenne l&#8217;ufficiale medico della I Divisione Alpina Autonoma &#8220;Adolfo Serafino&#8221;, mise a disposizione le proprie competenze mediche e allest\u00ec un ospedaletto da campo. Venne ucciso a Inverso Pinasca (TO) da una pattuglia tedesca. \u00c8 stato insignito della medaglia d&#8217;argento al valor militare alla memoria.<\/p>\n\n\n\n<p><strong><a href=\"https:\/\/percorsipinerolo.it\/youthplus\/index.php\/it01e-paolo-diena\/\" data-type=\"link\" data-id=\"https:\/\/percorsipinerolo.it\/youthplus\/index.php\/it01e-paolo-diena\/\">VOLTO &#8221; <em>PAOLO DIENA<\/em> &#8220;<\/a><\/strong><\/p>\n\n\n\n<figure class=\"wp-block-image size-large\"><img loading=\"lazy\" decoding=\"async\" width=\"1705\" height=\"2560\" src=\"https:\/\/percorsipinerolo.it\/youthplus\/wp-content\/uploads\/2024\/05\/8ebed3c5-058a-4a2f-b83d-9f06c14651a1-transformed-edited-scaled.jpeg\" alt=\"\" class=\"wp-image-1200\" srcset=\"https:\/\/percorsipinerolo.it\/youthplus\/wp-content\/uploads\/2024\/05\/8ebed3c5-058a-4a2f-b83d-9f06c14651a1-transformed-edited-scaled.jpeg 1705w, https:\/\/percorsipinerolo.it\/youthplus\/wp-content\/uploads\/2024\/05\/8ebed3c5-058a-4a2f-b83d-9f06c14651a1-transformed-edited-200x300.jpeg 200w, https:\/\/percorsipinerolo.it\/youthplus\/wp-content\/uploads\/2024\/05\/8ebed3c5-058a-4a2f-b83d-9f06c14651a1-transformed-edited-682x1024.jpeg 682w, https:\/\/percorsipinerolo.it\/youthplus\/wp-content\/uploads\/2024\/05\/8ebed3c5-058a-4a2f-b83d-9f06c14651a1-transformed-edited-768x1153.jpeg 768w, https:\/\/percorsipinerolo.it\/youthplus\/wp-content\/uploads\/2024\/05\/8ebed3c5-058a-4a2f-b83d-9f06c14651a1-transformed-edited-1023x1536.jpeg 1023w, https:\/\/percorsipinerolo.it\/youthplus\/wp-content\/uploads\/2024\/05\/8ebed3c5-058a-4a2f-b83d-9f06c14651a1-transformed-edited-1364x2048.jpeg 1364w\" sizes=\"auto, (max-width: 1705px) 100vw, 1705px\" \/><\/figure>\n<\/details>\n\n\n\n<details class=\"wp-block-details is-layout-flow wp-block-details-is-layout-flow\"><summary>GIULIO GIORDANO<\/summary>\n<p>A partire dal 1943, quando ancora frequentava le scuole magistrali, ader\u00ec alla lotta antifascista. Ha ricoperto un ruolo fondamentale nella stampa clandestina presso la tipografia Alpina di Torre Pellice, partecipando alla redazione de &#8220;Il Pioniere&#8221; dove ha svolto diverse mansioni, incluso il lavoro alla tipografia e la distribuzione del materiale. Attualmente \u00e8 Presidente della sezione ANPI di Torre Pellice.<\/p>\n\n\n\n<p><strong><a href=\"https:\/\/percorsipinerolo.it\/youthplus\/index.php\/it01d-giulio-giordano\/\" data-type=\"link\" data-id=\"https:\/\/percorsipinerolo.it\/youthplus\/index.php\/it01d-giulio-giordano\/\">VOLTO &#8221; <em>GIULIO GIORDANO<\/em> &#8220;<\/a><\/strong><\/p>\n\n\n\n<figure class=\"wp-block-image size-large\"><img loading=\"lazy\" decoding=\"async\" width=\"1333\" height=\"889\" src=\"https:\/\/percorsipinerolo.it\/youthplus\/wp-content\/uploads\/2024\/05\/SAM_1486_filodrammatica17febbraioConGiulio-edited-1.jpg\" alt=\"\" class=\"wp-image-2022\" srcset=\"https:\/\/percorsipinerolo.it\/youthplus\/wp-content\/uploads\/2024\/05\/SAM_1486_filodrammatica17febbraioConGiulio-edited-1.jpg 1333w, https:\/\/percorsipinerolo.it\/youthplus\/wp-content\/uploads\/2024\/05\/SAM_1486_filodrammatica17febbraioConGiulio-edited-1-300x200.jpg 300w, https:\/\/percorsipinerolo.it\/youthplus\/wp-content\/uploads\/2024\/05\/SAM_1486_filodrammatica17febbraioConGiulio-edited-1-1024x683.jpg 1024w, https:\/\/percorsipinerolo.it\/youthplus\/wp-content\/uploads\/2024\/05\/SAM_1486_filodrammatica17febbraioConGiulio-edited-1-768x512.jpg 768w\" sizes=\"auto, (max-width: 1333px) 100vw, 1333px\" \/><\/figure>\n<\/details>\n","protected":false},"excerpt":{"rendered":"<p>\u201cSe voi volete andare in pellegrinaggio nel luogo dove \u00e8 nata la nostra Costituzione, andate nelle montagne dove caddero i partigiani, nelle carceri dove furono imprigionati, nei campi dove furono impiccati. Dovunque \u00e8 morto un italiano per riscattare la libert\u00e0 e la dignit\u00e0, andate l\u00ec, o giovani,&nbsp; col pensiero perch\u00e9 l\u00ec \u00e8 nata la nostra [&hellip;]<\/p>\n","protected":false},"author":2,"featured_media":0,"parent":0,"menu_order":0,"comment_status":"closed","ping_status":"closed","template":"","meta":{"_kadence_starter_templates_imported_post":false,"footnotes":""},"class_list":["post-94","page","type-page","status-publish","hentry"],"_links":{"self":[{"href":"https:\/\/percorsipinerolo.it\/youthplus\/index.php\/wp-json\/wp\/v2\/pages\/94","targetHints":{"allow":["GET"]}}],"collection":[{"href":"https:\/\/percorsipinerolo.it\/youthplus\/index.php\/wp-json\/wp\/v2\/pages"}],"about":[{"href":"https:\/\/percorsipinerolo.it\/youthplus\/index.php\/wp-json\/wp\/v2\/types\/page"}],"author":[{"embeddable":true,"href":"https:\/\/percorsipinerolo.it\/youthplus\/index.php\/wp-json\/wp\/v2\/users\/2"}],"replies":[{"embeddable":true,"href":"https:\/\/percorsipinerolo.it\/youthplus\/index.php\/wp-json\/wp\/v2\/comments?post=94"}],"version-history":[{"count":34,"href":"https:\/\/percorsipinerolo.it\/youthplus\/index.php\/wp-json\/wp\/v2\/pages\/94\/revisions"}],"predecessor-version":[{"id":2023,"href":"https:\/\/percorsipinerolo.it\/youthplus\/index.php\/wp-json\/wp\/v2\/pages\/94\/revisions\/2023"}],"wp:attachment":[{"href":"https:\/\/percorsipinerolo.it\/youthplus\/index.php\/wp-json\/wp\/v2\/media?parent=94"}],"curies":[{"name":"wp","href":"https:\/\/api.w.org\/{rel}","templated":true}]}}