{"id":318,"date":"2024-04-28T16:47:59","date_gmt":"2024-04-28T16:47:59","guid":{"rendered":"https:\/\/percorsipinerolo.it\/youthplus\/?page_id=318"},"modified":"2024-05-15T11:18:03","modified_gmt":"2024-05-15T11:18:03","slug":"it01a-ettore-serafino","status":"publish","type":"page","link":"https:\/\/percorsipinerolo.it\/youthplus\/index.php\/it01a-ettore-serafino\/","title":{"rendered":"IT01a Ettore Serafino"},"content":{"rendered":"\n<div class=\"wp-block-columns is-layout-flex wp-container-core-columns-is-layout-28f84493 wp-block-columns-is-layout-flex\">\n<div class=\"wp-block-column is-layout-flow wp-block-column-is-layout-flow\">\n<figure class=\"wp-block-image size-large\"><img loading=\"lazy\" decoding=\"async\" width=\"1024\" height=\"724\" src=\"https:\/\/percorsipinerolo.it\/youthplus\/wp-content\/uploads\/2024\/05\/Ettore-Serafino-1024x724.png\" alt=\"\" class=\"wp-image-671\" srcset=\"https:\/\/percorsipinerolo.it\/youthplus\/wp-content\/uploads\/2024\/05\/Ettore-Serafino-1024x724.png 1024w, https:\/\/percorsipinerolo.it\/youthplus\/wp-content\/uploads\/2024\/05\/Ettore-Serafino-300x212.png 300w, https:\/\/percorsipinerolo.it\/youthplus\/wp-content\/uploads\/2024\/05\/Ettore-Serafino-768x543.png 768w, https:\/\/percorsipinerolo.it\/youthplus\/wp-content\/uploads\/2024\/05\/Ettore-Serafino-1536x1086.png 1536w, https:\/\/percorsipinerolo.it\/youthplus\/wp-content\/uploads\/2024\/05\/Ettore-Serafino.png 2000w\" sizes=\"auto, (max-width: 1024px) 100vw, 1024px\" \/><\/figure>\n\n\n\n<p class=\"has-text-align-left\">Ettore Serafino (Rivarolo Canavese, 3 settembre 1918 &#8211; Pinerolo, 18 gennaio 2012), laureato presso la facolt\u00e0 di Giurisprudenza all\u2019Universit\u00e0 di Torino, fu chiamato alle armi nel 1939, per frequentare il Corso allievi ufficiali, al termine del quale divenne sottotenente di complemento nel III reggimento Alpini. Nel 1940 prese parte alla campagna nelle Alpi Occidentali, poi a quella sul fronte greco e albanese e all&#8217;occupazione della Jugoslavia. Nell&#8217;estate del 1943 venne trasferito alla Scuola militare di alpinismo di Aosta. In seguito all&#8217;armistizio dell&#8217;8 settembre e dopo una lunga marcia attraverso le montagne durata 11 giorni, arriv\u00f2 in Val Pellice dove si impegn\u00f2 nell&#8217;organizzazione dei nuclei partigiani. Pass\u00f2 poi in Val Chisone e si un\u00ec agli autonomi di Maggiorino Marcellin.<\/p>\n\n\n\n<p class=\"has-text-align-left\">Il 4 novembre 1944 a San Martino di Cantalupa ci fu\u00a0uno scontro a fuoco tra i nazifascisti e gli uomini della divisione Val Chisone che cost\u00f2 la vita ad Adolfo Serafino (fratello di Ettore), a Eugenio Juvenal, a Romolo Carrera, a Domenico Ferrera, a Omero Rosini e a Rinaldo Rinaldi.\u00a0<\/p>\n\n\n\n<p class=\"has-text-align-left\">Per i meriti acquisiti durante la lotta partigiana, Ettore Serafino fu insignito della Medaglia d\u2019argento al valor militare.<\/p>\n\n\n\n<hr class=\"wp-block-separator has-alpha-channel-opacity\"\/>\n<\/div>\n<\/div>\n\n\n\n<h6 class=\"wp-block-heading has-text-align-center\"><strong><em><mark style=\"background-color:rgba(0, 0, 0, 0)\" class=\"has-inline-color has-foreground-color\">SCELTA DEL VOLTO<\/mark><\/em><\/strong><\/h6>\n\n\n\n<p>La figura di Ettore Serafino \u00e8 stata una personalit\u00e0 importante nella Resistenza pinerolese.<br>Lo scopo dell\u2019itinerario \u00e8 quello di ricordare e ricostruire alcuni momenti della sua esistenza attraverso le testimonianze raccolte e&nbsp; ricevute dalla famiglia, cui rivolgiamo un sincero ringraziamento.<\/p>\n\n\n\n<hr class=\"wp-block-separator has-alpha-channel-opacity\"\/>\n\n\n\n<h6 class=\"wp-block-heading has-text-align-center\"><strong><em><mark style=\"background-color:rgba(0, 0, 0, 0)\" class=\"has-inline-color has-foreground-color\">GEOLOCALIZZAZIONE<\/mark><\/em><\/strong><\/h6>\n\n\n\n<p>Per organizzare meglio gli spostamenti, abbiamo deciso di strutturare lo stesso itinerario in due opzioni differenti: partendo dal <em>Giardino Ettore Serafino<\/em>, un itinerario prosegue in alcune tappe di Pinerolo, concludendosi alla <em>Cascina Maurin<\/em>, mentre il secondo percorre le medesime tappe a Pinerolo, terminando a <em>Cantalupa<\/em>.<\/p>\n\n\n\n<h5 class=\"wp-block-heading has-text-align-center\"><em><strong><mark style=\"background-color:rgba(0, 0, 0, 0)\" class=\"has-inline-color has-foreground-color\">PRIMO ITINERARIO<\/mark><\/strong><\/em><\/h5>\n\n\n\n<details class=\"wp-block-details is-layout-flow wp-block-details-is-layout-flow\"><summary>PUNTO DI PARTENZA<\/summary>\n<p><em>Giardino Ettore Serafino<\/em>, via convento di S. Francesco, 10064, Pinerolo (TO)<\/p>\n<\/details>\n\n\n\n<details class=\"wp-block-details is-layout-flow wp-block-details-is-layout-flow\"><summary>PUNTO DI ARRIVO<\/summary>\n<p><em>Cascina Maurin<\/em>, via del Colomb\u00e8, 10060, Inverso Pinasca<\/p>\n<\/details>\n\n\n\n<div class=\"wp-block-columns is-layout-flex wp-container-core-columns-is-layout-28f84493 wp-block-columns-is-layout-flex\">\n<div class=\"wp-block-column is-layout-flow wp-block-column-is-layout-flow\">\n<details class=\"wp-block-details is-layout-flow wp-block-details-is-layout-flow\"><summary>LUNGHEZZA TRAGITTO<\/summary>\n<p>21,4 Km con dislivello di 305m (in salita) e 46m (in discesa)<\/p>\n<\/details>\n\n\n\n<details class=\"wp-block-details is-layout-flow wp-block-details-is-layout-flow\"><summary>TEMPO DI PERCORRENZA<\/summary>\n<ul class=\"wp-block-list\">\n<li>67min a piedi in Pinerolo +24 min in auto<\/li>\n\n\n\n<li>25 min in bici in Pinerolo + 24 min in auto<\/li>\n<\/ul>\n<\/details>\n<\/div>\n<\/div>\n\n\n\n<div class=\"wp-block-columns is-layout-flex wp-container-core-columns-is-layout-28f84493 wp-block-columns-is-layout-flex\">\n<div class=\"wp-block-column is-layout-flow wp-block-column-is-layout-flow\">\n<h5 class=\"wp-block-heading has-text-align-center\"><em><strong><mark style=\"background-color:rgba(0, 0, 0, 0)\" class=\"has-inline-color has-foreground-color\">SECONDO ITINERARIO<\/mark><\/strong><\/em><\/h5>\n\n\n\n<details class=\"wp-block-details is-layout-flow wp-block-details-is-layout-flow\"><summary>PUNTO DI PARTENZA<\/summary>\n<p><em>Giardino Ettore Serafino<\/em>, via convento di S. Francesco, 10064, Pinerolo (TO)<\/p>\n<\/details>\n\n\n\n<details class=\"wp-block-details is-layout-flow wp-block-details-is-layout-flow\"><summary>PUNTO DI ARRIVO<\/summary>\n<p><em>Baita San Martino<\/em>, strada del IV novembre 1944, 10060, Cantalupa (TO)<\/p>\n<\/details>\n\n\n\n<div class=\"wp-block-columns is-layout-flex wp-container-core-columns-is-layout-28f84493 wp-block-columns-is-layout-flex\">\n<div class=\"wp-block-column is-layout-flow wp-block-column-is-layout-flow\">\n<details class=\"wp-block-details is-layout-flow wp-block-details-is-layout-flow\"><summary>LUNGHEZZA TRAGITTO<\/summary>\n<p>14,8 Km con dislivello di 472m (in salita) e 46m (in discesa)<\/p>\n<\/details>\n\n\n\n<details class=\"wp-block-details is-layout-flow wp-block-details-is-layout-flow\"><summary>TEMPO DI PERCORRENZA<\/summary>\n<ul class=\"wp-block-list\">\n<li>67min a piedi in Pinerolo + 19 min in auto <\/li>\n\n\n\n<li>25 min in bici in Pinerolo + 19 min in auto<\/li>\n<\/ul>\n<\/details>\n<\/div>\n<\/div>\n\n\n\n<hr class=\"wp-block-separator has-alpha-channel-opacity\"\/>\n\n\n\n<h6 class=\"wp-block-heading has-text-align-center\"><strong><em><mark style=\"background-color:rgba(0, 0, 0, 0)\" class=\"has-inline-color has-foreground-color\">PUNTI DI INTERESSE<\/mark><\/em><\/strong><\/h6>\n\n\n\n<ul class=\"wp-block-list\">\n<li><strong><em><a href=\"https:\/\/percorsipinerolo.it\/youthplus\/index.php\/it01a-01\/\" data-type=\"page\" data-id=\"322\">Prima tappa<\/a>:  <\/em><\/strong><br><strong>GIARDINO ETTORE SERAFINO<\/strong>, Via Convento di S. Francesco, 10064, PINEROLO<\/li>\n\n\n\n<li><strong><em><a href=\"https:\/\/percorsipinerolo.it\/youthplus\/index.php\/it01a-02\/\" data-type=\"page\" data-id=\"324\">Seconda tappa<\/a>: <\/em><\/strong><br><strong>SEDE DELLA GUARDIA NAZIONALE<\/strong>, Via Des Geneys 42 angolo Via Saluzzo, 10064,  PINEROLO<\/li>\n\n\n\n<li><em><strong><a href=\"https:\/\/percorsipinerolo.it\/youthplus\/index.php\/it01a-03\/\" data-type=\"page\" data-id=\"326\">Terza tappa<\/a>:<\/strong> <\/em><br><strong>BERTELLO OTTICO<\/strong>, Via Vittorio Veneto 9, 10064, PINEROLO<\/li>\n\n\n\n<li><strong><em><a href=\"https:\/\/percorsipinerolo.it\/youthplus\/index.php\/it01a-04\/\" data-type=\"page\" data-id=\"328\">Quarta tappa<\/a>: <\/em><\/strong><br><strong>LA VIGNA \/ CASA TURVANI<\/strong>, Via Monte Orsiera 1, 10064, PINEROLO<\/li>\n\n\n\n<li><em><strong><a href=\"https:\/\/percorsipinerolo.it\/youthplus\/index.php\/it01a-05\/\" data-type=\"page\" data-id=\"330\">Quinta tappa<\/a>:<\/strong>&nbsp;<\/em><br><strong>CASA MONGE<\/strong>, Via S. Giuseppe angolo Via Silvio Pellico, 10064, PINEROLO<\/li>\n\n\n\n<li><em><strong><a href=\"https:\/\/percorsipinerolo.it\/youthplus\/index.php\/it01a-06\/\" data-type=\"page\" data-id=\"332\">Sesta tappa<\/a><\/strong>: <\/em><br><strong>TRATTORIA DEI FIORI<\/strong>, &nbsp;Via Provinciale 100, 10060, INVERSO PINASCA<\/li>\n\n\n\n<li><strong><em><a href=\"https:\/\/percorsipinerolo.it\/youthplus\/index.php\/it01a-07\/\" data-type=\"page\" data-id=\"334\">Settima tappa<\/a>: <\/em><\/strong><br><strong>CASCINA MAURIN<\/strong>, Via R. Bertalotto, Borgata Maurin, 10060, PINASCA<\/li>\n\n\n\n<li><strong><em><a href=\"https:\/\/percorsipinerolo.it\/youthplus\/index.php\/it01a-08\/\" data-type=\"page\" data-id=\"336\">Ottava tappa<\/a>: <\/em><\/strong><br><strong>BAITA DI SAN MARTINO<\/strong>, Strada 4 novembre 1944, 10060, CANTALUPA<\/li>\n<\/ul>\n\n\n\n<iframe loading=\"lazy\" width=\"100%\" height=\"300px\" frameborder=\"0\" allowfullscreen allow=\"geolocation\" src=\"\/\/umap.openstreetmap.fr\/it\/map\/itinerari-della-resistenza_1031082?scaleControl=false&#038;miniMap=false&#038;scrollWheelZoom=false&#038;zoomControl=true&#038;editMode=disabled&#038;moreControl=true&#038;searchControl=null&#038;tilelayersControl=null&#038;embedControl=null&#038;datalayersControl=true&#038;onLoadPanel=none&#038;captionBar=false&#038;captionMenus=true&#038;datalayers=fb3702a6-1060-4b9c-8853-9e82515eb09a%2Cf5b4d702-a1e5-423c-be83-804860937bdd#15\/44.8858\/7.3272\"><\/iframe><p><a href=\"\/\/umap.openstreetmap.fr\/it\/map\/itinerari-della-resistenza_1031082?scaleControl=false&#038;miniMap=false&#038;scrollWheelZoom=true&#038;zoomControl=true&#038;editMode=disabled&#038;moreControl=true&#038;searchControl=null&#038;tilelayersControl=null&#038;embedControl=null&#038;datalayersControl=true&#038;onLoadPanel=none&#038;captionBar=false&#038;captionMenus=true&#038;datalayers=fb3702a6-1060-4b9c-8853-9e82515eb09a%2Cf5b4d702-a1e5-423c-be83-804860937bdd#15\/44.8858\/7.3272\">Visualizza a schermo intero<\/a><\/p>\n\n\n\n<hr class=\"wp-block-separator has-alpha-channel-opacity\"\/>\n\n\n\n<h6 class=\"wp-block-heading has-text-align-center\"><em><mark style=\"background-color:rgba(0, 0, 0, 0)\" class=\"has-inline-color has-foreground-color\">CONTENUTI EXTRA<\/mark><\/em><\/h6>\n\n\n\n<p class=\"has-text-align-center\"><strong><a href=\"https:\/\/percorsipinerolo.it\/youthplus\/index.php\/it01b-08-altre-foto-e-serafino\/\" data-type=\"page\" data-id=\"758\">ALTRE FOTOGRAFIE<\/a><\/strong><\/p>\n<\/div>\n<\/div>\n\n\n\n<hr class=\"wp-block-separator has-alpha-channel-opacity\"\/>\n\n\n\n<h6 class=\"wp-block-heading has-text-align-center\"><strong><em><mark style=\"background-color:rgba(0, 0, 0, 0)\" class=\"has-inline-color has-foreground-color\">RIFERIMENTI BIBLIOGRAFICI ESSENZIALI<\/mark><\/em><\/strong><\/h6>\n\n\n\n<ul class=\"wp-block-list\">\n<li>A.TRABUCCO,<em> Partigiani in Val Chisone<\/em>, Tipografia subalpina, Torre Pellice<\/li>\n\n\n\n<li>1959<\/li>\n\n\n\n<li>C.BONOUS, <em>Sognando la libert\u00e0<\/em>, LAR editore, Roma, 2023<\/li>\n\n\n\n<li>A.G.LUCA, D.TABOR, <em>Una memoria per immagini<\/em>, Franco Angeli, Milano,2017<\/li>\n\n\n\n<li>G.V.AVONDO, <em>Pinerolo tra fascismo e resistenza<\/em>, Alzani editore, Pinerolo (TO), 2004<\/li>\n\n\n\n<li>D.VASCHETTO, <em>Sui sentieri della guerra partigiana in Piemonte<\/em>, Edizioni del Capricorno,Torino, 2020<\/li>\n\n\n\n<li>ISTITUTO PIEMONTESE PER LA STORIA DELLA RESISTENZA \u201cGIORGIO AGOSTI\u201d, Una Guida per la memoria, <em>Luoghi della guerra e della Resistenza nella provincia di Torino<\/em>, Blu edizioni, San Mauro (TO), 2007<\/li>\n\n\n\n<li>Archivio <em>Ettore Serafino<\/em><\/li>\n<\/ul>\n","protected":false},"excerpt":{"rendered":"<p>Ettore Serafino (Rivarolo Canavese, 3 settembre 1918 &#8211; Pinerolo, 18 gennaio 2012), laureato presso la facolt\u00e0 di Giurisprudenza all\u2019Universit\u00e0 di Torino, fu chiamato alle armi nel 1939, per frequentare il Corso allievi ufficiali, al termine del quale divenne sottotenente di complemento nel III reggimento Alpini. Nel 1940 prese parte alla campagna nelle Alpi Occidentali, poi [&hellip;]<\/p>\n","protected":false},"author":2,"featured_media":0,"parent":0,"menu_order":0,"comment_status":"closed","ping_status":"closed","template":"","meta":{"_kadence_starter_templates_imported_post":false,"footnotes":""},"class_list":["post-318","page","type-page","status-publish","hentry"],"_links":{"self":[{"href":"https:\/\/percorsipinerolo.it\/youthplus\/index.php\/wp-json\/wp\/v2\/pages\/318","targetHints":{"allow":["GET"]}}],"collection":[{"href":"https:\/\/percorsipinerolo.it\/youthplus\/index.php\/wp-json\/wp\/v2\/pages"}],"about":[{"href":"https:\/\/percorsipinerolo.it\/youthplus\/index.php\/wp-json\/wp\/v2\/types\/page"}],"author":[{"embeddable":true,"href":"https:\/\/percorsipinerolo.it\/youthplus\/index.php\/wp-json\/wp\/v2\/users\/2"}],"replies":[{"embeddable":true,"href":"https:\/\/percorsipinerolo.it\/youthplus\/index.php\/wp-json\/wp\/v2\/comments?post=318"}],"version-history":[{"count":61,"href":"https:\/\/percorsipinerolo.it\/youthplus\/index.php\/wp-json\/wp\/v2\/pages\/318\/revisions"}],"predecessor-version":[{"id":2186,"href":"https:\/\/percorsipinerolo.it\/youthplus\/index.php\/wp-json\/wp\/v2\/pages\/318\/revisions\/2186"}],"wp:attachment":[{"href":"https:\/\/percorsipinerolo.it\/youthplus\/index.php\/wp-json\/wp\/v2\/media?parent=318"}],"curies":[{"name":"wp","href":"https:\/\/api.w.org\/{rel}","templated":true}]}}